{"id":6235,"date":"2025-09-04T19:52:50","date_gmt":"2025-09-04T19:52:50","guid":{"rendered":"https:\/\/fomentoculturalbanamex.org\/exposiciones\/?post_type=exposiciones&#038;p=6235"},"modified":"2025-09-08T16:50:04","modified_gmt":"2025-09-08T16:50:04","slug":"arnaldo-coen-per-versiones","status":"publish","type":"exposiciones","link":"https:\/\/fomentoculturalbanamex.org\/exposiciones\/exposiciones\/arnaldo-coen-per-versiones\/","title":{"rendered":"Arnaldo Coen. Per-versiones"},"featured_media":0,"parent":0,"template":"","meta":[],"categories":[],"tags":[],"acf":{"categorias_de_la_publicacion":{"categoria_exposicion":true,"categoria_obras_destacadas":true,"categoria_videos":false,"categoria_audios":false,"categoria_publicacion":false,"categoria_prensa":false,"categoria_materiales":false},"acerca_de":{"acerca_de_imagen":{"ID":6238,"id":6238,"title":"PERVER2","filename":"PERVER2.jpg","filesize":2398416,"url":"https:\/\/fomentoculturalbanamex.org\/exposiciones\/wp-content\/uploads\/2025\/09\/PERVER2.jpg","link":"https:\/\/fomentoculturalbanamex.org\/exposiciones\/exposiciones\/arnaldo-coen-per-versiones\/perver2\/","alt":"","author":"6","description":"","caption":"","name":"perver2","status":"inherit","uploaded_to":6235,"date":"2025-09-04 19:53:20","modified":"2025-09-04 19:53:20","menu_order":0,"mime_type":"image\/jpeg","type":"image","subtype":"jpeg","icon":"https:\/\/fomentoculturalbanamex.org\/exposiciones\/wp-includes\/images\/media\/default.png","width":1920,"height":920,"sizes":{"thumbnail":"https:\/\/fomentoculturalbanamex.org\/exposiciones\/wp-content\/uploads\/2025\/09\/PERVER2-150x150.jpg","thumbnail-width":150,"thumbnail-height":150,"medium":"https:\/\/fomentoculturalbanamex.org\/exposiciones\/wp-content\/uploads\/2025\/09\/PERVER2-300x144.jpg","medium-width":300,"medium-height":144,"medium_large":"https:\/\/fomentoculturalbanamex.org\/exposiciones\/wp-content\/uploads\/2025\/09\/PERVER2-768x368.jpg","medium_large-width":768,"medium_large-height":368,"large":"https:\/\/fomentoculturalbanamex.org\/exposiciones\/wp-content\/uploads\/2025\/09\/PERVER2-1024x491.jpg","large-width":1024,"large-height":491,"1536x1536":"https:\/\/fomentoculturalbanamex.org\/exposiciones\/wp-content\/uploads\/2025\/09\/PERVER2-1536x736.jpg","1536x1536-width":1536,"1536x1536-height":736,"2048x2048":"https:\/\/fomentoculturalbanamex.org\/exposiciones\/wp-content\/uploads\/2025\/09\/PERVER2.jpg","2048x2048-width":1920,"2048x2048-height":920}},"acerca_de_texto_imagen":"Arnaldo Coen. Per-versiones","acerca_de_texto_2_imagen":"26 de agosto de 2025 al 28 de marzo de 2026 ","acerca_de_sede":"Casa de Cultura Banamex - Palacio del Conde del Valle de S\u00fachil","acerca_de_ubicacion":"Av. 5 de Febrero, Col. Centro Durango, Durango<br \/>\r\n","acerca_de_horarios":"Martes \u2013 s\u00e1bado, 10:00 a 18:00 hrs<br \/>\r\nDomingos, 10:00 a 14:00 hrs<br \/>\r\nEntrada libre","acerca_de_google_maps":"https:\/\/www.google.com\/maps\/place\/Casa+de+Cultura+Banamex+-+Palacio+del+Conde+del+Valle+de+S%C3%BAchil\/@24.0232532,-104.6709896,17z\/data=!3m1!4b1!4m6!3m5!1s0x869bc818688cdbb1:0x9fb0b5fbb0014d2a!8m2!3d24.0232532!4d-104.6684147!16s%2Fg%2F11b6dglb1c?entry=ttu&g_ep=EgoyMDI1MDgzMC4wIKXMDSoASAFQAw%3D%3D","acerca_de_servicios_educativos":"Visitas guiadas p\u00fablico general (Servicio gratuito)<br \/>\r\nMartes - s\u00e1bado, 11:00, 13:00 y 16:00 hrs<br \/>\r\nDomingo, 12:00 hrs","acerca_de_contacto":"Contacto general<br \/>\r\n(+52) 618 193 5490<br \/>\r\nmaria.fernanda.rangelchavira@banamex.com<br \/>\r\n<br \/>\r\nServicios educativos<br \/>\r\n(+52) 618 193 5487<br \/>\r\nsandra.amayaaguilar@banamex.com","acerca_de_descripcion":"<p>La producci\u00f3n art\u00edstica de Arnaldo Coen es tan diversa y rica como \u00e9l mismo. El consolidado manifiesto creativo de Coen est\u00e1 constituido por incontables obras, las cuales, a partir de la ponderaci\u00f3n de sus valores pl\u00e1sticos y simb\u00f3licos, deja en claro que Coen es efectivamente, a decir de Raquel Tibol \u201ccomo el Bosco, Arnaldo Coen, es un dotado\u201d.<\/p>\n<p>Arnaldo estructura sistemas de significaci\u00f3n a trav\u00e9s de una disposici\u00f3n espacial, en la que los protagonistas son el color y la forma. El entramado de elementos v\u00edstales crea ritmos espacio &#8211; temporales que persiguen el asombro; elementos iconogr\u00e1ficos y formales que dan escala y se integran a las densidades del aire, se vuelven parte de la atm\u00f3sfera, parte del todo. Coen es un creador que trasciende las fronteras de lo racional en b\u00fasqueda del ser \u00edntimo del observador. Nos transporta hacia una geometr\u00eda que flota en la densidad del campo visual. Aquel dispuesto a esta traves\u00eda est\u00e9tica siente esa densidad, la habita, se vuelve parte de ella; el espacio pl\u00e1stico de sus obras puede ser interpretado como ventanas a mundos no descubiertos, a realidades paralelas a la nuestra, con puntos de convergencia y de encuentro en donde el erotismo y la sensualidad confluyen con lo simb\u00f3lico y espiritual.<\/p>\n<p>La exposici\u00f3n <em>Per-versiones<\/em> ha sido curada por el propio artista junto con Lourdes Sosa. En las primeras salas nos presentan 42 obras como una breve, pero s\u00f3lida, retrospectiva del trabajo que ha realizado el maestro Coen a lo largo de casi de siete d\u00e9cadas para continuar despu\u00e9s con <em>Per-versiones<\/em>, la \u00faltima serie creada en tiempos de pandemia de Covid-19. La muestra presenta dos tipos de obra distintos, 16 son pinturas de gran formato en blanco, negro y dorado, inspirado en la t\u00e9cnica japonesa del <em>kintsugi<\/em>. Adem\u00e1s, 32 pinturas peque\u00f1as en coloridos cubos que tienen la peculiar funci\u00f3n de fichas t\u00e9cnicas, inspirados en el libro chino del I Ching y, por \u00faltimo, una escultura.<\/p>\n<p>El Banco Nacional de M\u00e9xico se ha empe\u00f1ado en buscar alternativas para servir a M\u00e9xico y ser m\u00e1s que un banco. Somos una instituci\u00f3n que impulsa el desarrollo y el bienestar de la sociedad mexicana a trav\u00e9s de programas y acciones de corresponsabilidad que reflejan nuestro compromiso permanente con el pa\u00eds. Hoy, en esta magn\u00edfica casa se\u00f1orial y a trav\u00e9s de Fomento Cultural Banamex, reiteramos nuestro compromiso con la cultura de M\u00e9xico celebrando y reconociendo la trayectoria Arnaldo Coen.<\/p>\n","acerca_de_imagen_footer":{"ID":5852,"id":5852,"title":"Logos","filename":"Logos.png","filesize":8981,"url":"https:\/\/fomentoculturalbanamex.org\/exposiciones\/wp-content\/uploads\/2025\/06\/Logos.png","link":"https:\/\/fomentoculturalbanamex.org\/exposiciones\/exposiciones\/mexico-de-los-mexicanos-iii\/logos-3\/","alt":"","author":"6","description":"","caption":"","name":"logos-3","status":"inherit","uploaded_to":5833,"date":"2025-06-09 17:19:27","modified":"2025-06-09 17:19:27","menu_order":0,"mime_type":"image\/png","type":"image","subtype":"png","icon":"https:\/\/fomentoculturalbanamex.org\/exposiciones\/wp-includes\/images\/media\/default.png","width":978,"height":151,"sizes":{"thumbnail":"https:\/\/fomentoculturalbanamex.org\/exposiciones\/wp-content\/uploads\/2025\/06\/Logos-150x150.png","thumbnail-width":150,"thumbnail-height":150,"medium":"https:\/\/fomentoculturalbanamex.org\/exposiciones\/wp-content\/uploads\/2025\/06\/Logos-300x46.png","medium-width":300,"medium-height":46,"medium_large":"https:\/\/fomentoculturalbanamex.org\/exposiciones\/wp-content\/uploads\/2025\/06\/Logos-768x119.png","medium_large-width":768,"medium_large-height":119,"large":"https:\/\/fomentoculturalbanamex.org\/exposiciones\/wp-content\/uploads\/2025\/06\/Logos.png","large-width":978,"large-height":151,"1536x1536":"https:\/\/fomentoculturalbanamex.org\/exposiciones\/wp-content\/uploads\/2025\/06\/Logos.png","1536x1536-width":978,"1536x1536-height":151,"2048x2048":"https:\/\/fomentoculturalbanamex.org\/exposiciones\/wp-content\/uploads\/2025\/06\/Logos.png","2048x2048-width":978,"2048x2048-height":151}}},"exposicion":[{"exposicion_titulo":"Per - versiones","exposicion_nombre_obra":"Arnaldo Coen","exposicion_ficha":"Fotograf\u00eda: Gabriel Roux","exposicion_descripcion":"<p>Per &#8211; versiones. La belleza de la imperfecci\u00f3n re\u00fane un nuevo cuerpo de obra de Arnaldo Coen, uno de los artistas m\u00e1s influyentes de la generaci\u00f3n de La Ruptura. En estas piezas, Coen explora las posibilidades del negro, el blanco y el oro, transform\u00e1ndolos en una reflexi\u00f3n est\u00e9tica y filos\u00f3fica. El oro, reminiscente de tradiciones bizantinas y del kintsugi japon\u00e9s, se convierte en s\u00edmbolo de sanaci\u00f3n y trascendencia; el blanco abre espacios de profundidad, y el negro, con su densidad casi t\u00e1ctil, absorbe y expande el lienzo. La interacci\u00f3n de estos tres colores revela tensiones y armon\u00edas, caos y orden, en una coreograf\u00eda visual cargada de significado.<\/p>\n<p>&nbsp;<\/p>\n<p>En contraste con la sobriedad de los grandes lienzos, Coen introduce peque\u00f1os cubos policrom\u00e1ticos que funcionan como c\u00e9dulas informativas y a la vez como obras completas. Estos cubos, vibrantes y enigm\u00e1ticos, generan un di\u00e1logo din\u00e1mico con los lienzos, invitando al espectador a cuestionar la relaci\u00f3n entre lo monocrom\u00e1tico y lo policrom\u00e1tico. Cada cubo es un microcosmos, un aleph que contiene universos de contemplaci\u00f3n profunda.<\/p>\n<p>&nbsp;<\/p>\n<p>La exposici\u00f3n es, en esencia, una invitaci\u00f3n a mirar m\u00e1s all\u00e1 de la superficie: a descubrir las historias ocultas, las rupturas visibles y los significados subterr\u00e1neos que fluyen en la obra de un artista que sigue expandiendo los l\u00edmites de la pintura contempor\u00e1nea en M\u00e9xico.<\/p>\n","exposicion_imagenes":[{"ID":6240,"id":6240,"title":"PERVER3","filename":"PERVER3.jpg","filesize":422229,"url":"https:\/\/fomentoculturalbanamex.org\/exposiciones\/wp-content\/uploads\/2025\/09\/PERVER3.jpg","link":"https:\/\/fomentoculturalbanamex.org\/exposiciones\/exposiciones\/arnaldo-coen-per-versiones\/perver3\/","alt":"","author":"6","description":"","caption":"","name":"perver3","status":"inherit","uploaded_to":6235,"date":"2025-09-05 16:41:00","modified":"2025-09-05 16:41:03","menu_order":0,"mime_type":"image\/jpeg","type":"image","subtype":"jpeg","icon":"https:\/\/fomentoculturalbanamex.org\/exposiciones\/wp-includes\/images\/media\/default.png","width":760,"height":1080,"sizes":{"thumbnail":"https:\/\/fomentoculturalbanamex.org\/exposiciones\/wp-content\/uploads\/2025\/09\/PERVER3-150x150.jpg","thumbnail-width":150,"thumbnail-height":150,"medium":"https:\/\/fomentoculturalbanamex.org\/exposiciones\/wp-content\/uploads\/2025\/09\/PERVER3-211x300.jpg","medium-width":211,"medium-height":300,"medium_large":"https:\/\/fomentoculturalbanamex.org\/exposiciones\/wp-content\/uploads\/2025\/09\/PERVER3.jpg","medium_large-width":760,"medium_large-height":1080,"large":"https:\/\/fomentoculturalbanamex.org\/exposiciones\/wp-content\/uploads\/2025\/09\/PERVER3-721x1024.jpg","large-width":721,"large-height":1024,"1536x1536":"https:\/\/fomentoculturalbanamex.org\/exposiciones\/wp-content\/uploads\/2025\/09\/PERVER3.jpg","1536x1536-width":760,"1536x1536-height":1080,"2048x2048":"https:\/\/fomentoculturalbanamex.org\/exposiciones\/wp-content\/uploads\/2025\/09\/PERVER3.jpg","2048x2048-width":760,"2048x2048-height":1080}}]}],"obras_destacadas":[{"obra_titulo":"Ser eterno un instante (detalle), 2002","obra_descripcion":"","obra_imagen":{"ID":6242,"id":6242,"title":"PERVER4","filename":"PERVER4.jpg","filesize":804158,"url":"https:\/\/fomentoculturalbanamex.org\/exposiciones\/wp-content\/uploads\/2025\/09\/PERVER4.jpg","link":"https:\/\/fomentoculturalbanamex.org\/exposiciones\/exposiciones\/arnaldo-coen-per-versiones\/perver4\/","alt":"","author":"6","description":"","caption":"","name":"perver4","status":"inherit","uploaded_to":6235,"date":"2025-09-05 17:23:04","modified":"2025-09-05 17:23:04","menu_order":0,"mime_type":"image\/jpeg","type":"image","subtype":"jpeg","icon":"https:\/\/fomentoculturalbanamex.org\/exposiciones\/wp-includes\/images\/media\/default.png","width":960,"height":920,"sizes":{"thumbnail":"https:\/\/fomentoculturalbanamex.org\/exposiciones\/wp-content\/uploads\/2025\/09\/PERVER4-150x150.jpg","thumbnail-width":150,"thumbnail-height":150,"medium":"https:\/\/fomentoculturalbanamex.org\/exposiciones\/wp-content\/uploads\/2025\/09\/PERVER4-300x288.jpg","medium-width":300,"medium-height":288,"medium_large":"https:\/\/fomentoculturalbanamex.org\/exposiciones\/wp-content\/uploads\/2025\/09\/PERVER4-768x736.jpg","medium_large-width":768,"medium_large-height":736,"large":"https:\/\/fomentoculturalbanamex.org\/exposiciones\/wp-content\/uploads\/2025\/09\/PERVER4.jpg","large-width":960,"large-height":920,"1536x1536":"https:\/\/fomentoculturalbanamex.org\/exposiciones\/wp-content\/uploads\/2025\/09\/PERVER4.jpg","1536x1536-width":960,"1536x1536-height":920,"2048x2048":"https:\/\/fomentoculturalbanamex.org\/exposiciones\/wp-content\/uploads\/2025\/09\/PERVER4.jpg","2048x2048-width":960,"2048x2048-height":920}},"obra_ficha":"Pastel sobre papel amate y \u00f3leo sobre madera<br \/>\r\n60 x 60 cm"},{"obra_titulo":"Reposa el silencio (detalle), 2022","obra_descripcion":"","obra_imagen":{"ID":6243,"id":6243,"title":"PERVER5","filename":"PERVER5.jpg","filesize":1286558,"url":"https:\/\/fomentoculturalbanamex.org\/exposiciones\/wp-content\/uploads\/2025\/09\/PERVER5.jpg","link":"https:\/\/fomentoculturalbanamex.org\/exposiciones\/exposiciones\/arnaldo-coen-per-versiones\/perver5\/","alt":"","author":"6","description":"","caption":"","name":"perver5","status":"inherit","uploaded_to":6235,"date":"2025-09-05 17:23:07","modified":"2025-09-05 17:23:07","menu_order":0,"mime_type":"image\/jpeg","type":"image","subtype":"jpeg","icon":"https:\/\/fomentoculturalbanamex.org\/exposiciones\/wp-includes\/images\/media\/default.png","width":960,"height":920,"sizes":{"thumbnail":"https:\/\/fomentoculturalbanamex.org\/exposiciones\/wp-content\/uploads\/2025\/09\/PERVER5-150x150.jpg","thumbnail-width":150,"thumbnail-height":150,"medium":"https:\/\/fomentoculturalbanamex.org\/exposiciones\/wp-content\/uploads\/2025\/09\/PERVER5-300x288.jpg","medium-width":300,"medium-height":288,"medium_large":"https:\/\/fomentoculturalbanamex.org\/exposiciones\/wp-content\/uploads\/2025\/09\/PERVER5-768x736.jpg","medium_large-width":768,"medium_large-height":736,"large":"https:\/\/fomentoculturalbanamex.org\/exposiciones\/wp-content\/uploads\/2025\/09\/PERVER5.jpg","large-width":960,"large-height":920,"1536x1536":"https:\/\/fomentoculturalbanamex.org\/exposiciones\/wp-content\/uploads\/2025\/09\/PERVER5.jpg","1536x1536-width":960,"1536x1536-height":920,"2048x2048":"https:\/\/fomentoculturalbanamex.org\/exposiciones\/wp-content\/uploads\/2025\/09\/PERVER5.jpg","2048x2048-width":960,"2048x2048-height":920}},"obra_ficha":"\u00d3leo y mixta sobre madera<br \/>\r\n110 x 165 cm"},{"obra_titulo":"Presencia et\u00e9rea (detalle), 1985","obra_descripcion":"","obra_imagen":{"ID":6244,"id":6244,"title":"PERVER6","filename":"PERVER6.jpg","filesize":1150747,"url":"https:\/\/fomentoculturalbanamex.org\/exposiciones\/wp-content\/uploads\/2025\/09\/PERVER6.jpg","link":"https:\/\/fomentoculturalbanamex.org\/exposiciones\/exposiciones\/arnaldo-coen-per-versiones\/perver6\/","alt":"","author":"6","description":"","caption":"","name":"perver6","status":"inherit","uploaded_to":6235,"date":"2025-09-05 17:23:10","modified":"2025-09-05 17:23:10","menu_order":0,"mime_type":"image\/jpeg","type":"image","subtype":"jpeg","icon":"https:\/\/fomentoculturalbanamex.org\/exposiciones\/wp-includes\/images\/media\/default.png","width":960,"height":920,"sizes":{"thumbnail":"https:\/\/fomentoculturalbanamex.org\/exposiciones\/wp-content\/uploads\/2025\/09\/PERVER6-150x150.jpg","thumbnail-width":150,"thumbnail-height":150,"medium":"https:\/\/fomentoculturalbanamex.org\/exposiciones\/wp-content\/uploads\/2025\/09\/PERVER6-300x288.jpg","medium-width":300,"medium-height":288,"medium_large":"https:\/\/fomentoculturalbanamex.org\/exposiciones\/wp-content\/uploads\/2025\/09\/PERVER6-768x736.jpg","medium_large-width":768,"medium_large-height":736,"large":"https:\/\/fomentoculturalbanamex.org\/exposiciones\/wp-content\/uploads\/2025\/09\/PERVER6.jpg","large-width":960,"large-height":920,"1536x1536":"https:\/\/fomentoculturalbanamex.org\/exposiciones\/wp-content\/uploads\/2025\/09\/PERVER6.jpg","1536x1536-width":960,"1536x1536-height":920,"2048x2048":"https:\/\/fomentoculturalbanamex.org\/exposiciones\/wp-content\/uploads\/2025\/09\/PERVER6.jpg","2048x2048-width":960,"2048x2048-height":920}},"obra_ficha":"\u00d3leo sobre tela<br \/>\r\n100 x 160 cm"},{"obra_titulo":"Geometr\u00eda desaprendida (detalle), 2021","obra_descripcion":"","obra_imagen":{"ID":6248,"id":6248,"title":"PERVER10","filename":"PERVER10.jpg","filesize":228008,"url":"https:\/\/fomentoculturalbanamex.org\/exposiciones\/wp-content\/uploads\/2025\/09\/PERVER10.jpg","link":"https:\/\/fomentoculturalbanamex.org\/exposiciones\/exposiciones\/arnaldo-coen-per-versiones\/perver10\/","alt":"","author":"6","description":"","caption":"","name":"perver10","status":"inherit","uploaded_to":6235,"date":"2025-09-05 17:23:17","modified":"2025-09-05 17:23:17","menu_order":0,"mime_type":"image\/jpeg","type":"image","subtype":"jpeg","icon":"https:\/\/fomentoculturalbanamex.org\/exposiciones\/wp-includes\/images\/media\/default.png","width":960,"height":920,"sizes":{"thumbnail":"https:\/\/fomentoculturalbanamex.org\/exposiciones\/wp-content\/uploads\/2025\/09\/PERVER10-150x150.jpg","thumbnail-width":150,"thumbnail-height":150,"medium":"https:\/\/fomentoculturalbanamex.org\/exposiciones\/wp-content\/uploads\/2025\/09\/PERVER10-300x288.jpg","medium-width":300,"medium-height":288,"medium_large":"https:\/\/fomentoculturalbanamex.org\/exposiciones\/wp-content\/uploads\/2025\/09\/PERVER10-768x736.jpg","medium_large-width":768,"medium_large-height":736,"large":"https:\/\/fomentoculturalbanamex.org\/exposiciones\/wp-content\/uploads\/2025\/09\/PERVER10.jpg","large-width":960,"large-height":920,"1536x1536":"https:\/\/fomentoculturalbanamex.org\/exposiciones\/wp-content\/uploads\/2025\/09\/PERVER10.jpg","1536x1536-width":960,"1536x1536-height":920,"2048x2048":"https:\/\/fomentoculturalbanamex.org\/exposiciones\/wp-content\/uploads\/2025\/09\/PERVER10.jpg","2048x2048-width":960,"2048x2048-height":920}},"obra_ficha":"Acr\u00edlico y hoja de oro sobre tela<br \/>\r\n140 x 170 cm"},{"obra_titulo":"Ning\u00fan lugar (detalle), de la serie Per - versiones, 2021 ","obra_descripcion":"","obra_imagen":{"ID":6246,"id":6246,"title":"PERVER8","filename":"PERVER8.jpg","filesize":271054,"url":"https:\/\/fomentoculturalbanamex.org\/exposiciones\/wp-content\/uploads\/2025\/09\/PERVER8.jpg","link":"https:\/\/fomentoculturalbanamex.org\/exposiciones\/exposiciones\/arnaldo-coen-per-versiones\/perver8\/","alt":"","author":"6","description":"","caption":"","name":"perver8","status":"inherit","uploaded_to":6235,"date":"2025-09-05 17:23:14","modified":"2025-09-05 17:23:14","menu_order":0,"mime_type":"image\/jpeg","type":"image","subtype":"jpeg","icon":"https:\/\/fomentoculturalbanamex.org\/exposiciones\/wp-includes\/images\/media\/default.png","width":960,"height":920,"sizes":{"thumbnail":"https:\/\/fomentoculturalbanamex.org\/exposiciones\/wp-content\/uploads\/2025\/09\/PERVER8-150x150.jpg","thumbnail-width":150,"thumbnail-height":150,"medium":"https:\/\/fomentoculturalbanamex.org\/exposiciones\/wp-content\/uploads\/2025\/09\/PERVER8-300x288.jpg","medium-width":300,"medium-height":288,"medium_large":"https:\/\/fomentoculturalbanamex.org\/exposiciones\/wp-content\/uploads\/2025\/09\/PERVER8-768x736.jpg","medium_large-width":768,"medium_large-height":736,"large":"https:\/\/fomentoculturalbanamex.org\/exposiciones\/wp-content\/uploads\/2025\/09\/PERVER8.jpg","large-width":960,"large-height":920,"1536x1536":"https:\/\/fomentoculturalbanamex.org\/exposiciones\/wp-content\/uploads\/2025\/09\/PERVER8.jpg","1536x1536-width":960,"1536x1536-height":920,"2048x2048":"https:\/\/fomentoculturalbanamex.org\/exposiciones\/wp-content\/uploads\/2025\/09\/PERVER8.jpg","2048x2048-width":960,"2048x2048-height":920}},"obra_ficha":"Acr\u00edlico y hoja de oro sobre tela<br \/>\r\n160 x 240 cm"},{"obra_titulo":"Libertad expresiva (detalle), 2021","obra_descripcion":"","obra_imagen":{"ID":6247,"id":6247,"title":"PERVER9","filename":"PERVER9.jpg","filesize":228753,"url":"https:\/\/fomentoculturalbanamex.org\/exposiciones\/wp-content\/uploads\/2025\/09\/PERVER9.jpg","link":"https:\/\/fomentoculturalbanamex.org\/exposiciones\/exposiciones\/arnaldo-coen-per-versiones\/perver9\/","alt":"","author":"6","description":"","caption":"","name":"perver9","status":"inherit","uploaded_to":6235,"date":"2025-09-05 17:23:15","modified":"2025-09-05 17:23:15","menu_order":0,"mime_type":"image\/jpeg","type":"image","subtype":"jpeg","icon":"https:\/\/fomentoculturalbanamex.org\/exposiciones\/wp-includes\/images\/media\/default.png","width":960,"height":920,"sizes":{"thumbnail":"https:\/\/fomentoculturalbanamex.org\/exposiciones\/wp-content\/uploads\/2025\/09\/PERVER9-150x150.jpg","thumbnail-width":150,"thumbnail-height":150,"medium":"https:\/\/fomentoculturalbanamex.org\/exposiciones\/wp-content\/uploads\/2025\/09\/PERVER9-300x288.jpg","medium-width":300,"medium-height":288,"medium_large":"https:\/\/fomentoculturalbanamex.org\/exposiciones\/wp-content\/uploads\/2025\/09\/PERVER9-768x736.jpg","medium_large-width":768,"medium_large-height":736,"large":"https:\/\/fomentoculturalbanamex.org\/exposiciones\/wp-content\/uploads\/2025\/09\/PERVER9.jpg","large-width":960,"large-height":920,"1536x1536":"https:\/\/fomentoculturalbanamex.org\/exposiciones\/wp-content\/uploads\/2025\/09\/PERVER9.jpg","1536x1536-width":960,"1536x1536-height":920,"2048x2048":"https:\/\/fomentoculturalbanamex.org\/exposiciones\/wp-content\/uploads\/2025\/09\/PERVER9.jpg","2048x2048-width":960,"2048x2048-height":920}},"obra_ficha":"Acr\u00edlico y hoja de oro sobre tela<br \/>\r\n150 x 200 cm"},{"obra_titulo":"Aparici\u00f3n de lo invisible (detalle)","obra_descripcion":"","obra_imagen":{"ID":6249,"id":6249,"title":"PERVER11","filename":"PERVER11.jpg","filesize":1170651,"url":"https:\/\/fomentoculturalbanamex.org\/exposiciones\/wp-content\/uploads\/2025\/09\/PERVER11.jpg","link":"https:\/\/fomentoculturalbanamex.org\/exposiciones\/exposiciones\/arnaldo-coen-per-versiones\/perver11\/","alt":"","author":"6","description":"","caption":"","name":"perver11","status":"inherit","uploaded_to":6235,"date":"2025-09-05 17:23:19","modified":"2025-09-05 17:23:19","menu_order":0,"mime_type":"image\/jpeg","type":"image","subtype":"jpeg","icon":"https:\/\/fomentoculturalbanamex.org\/exposiciones\/wp-includes\/images\/media\/default.png","width":960,"height":920,"sizes":{"thumbnail":"https:\/\/fomentoculturalbanamex.org\/exposiciones\/wp-content\/uploads\/2025\/09\/PERVER11-150x150.jpg","thumbnail-width":150,"thumbnail-height":150,"medium":"https:\/\/fomentoculturalbanamex.org\/exposiciones\/wp-content\/uploads\/2025\/09\/PERVER11-300x288.jpg","medium-width":300,"medium-height":288,"medium_large":"https:\/\/fomentoculturalbanamex.org\/exposiciones\/wp-content\/uploads\/2025\/09\/PERVER11-768x736.jpg","medium_large-width":768,"medium_large-height":736,"large":"https:\/\/fomentoculturalbanamex.org\/exposiciones\/wp-content\/uploads\/2025\/09\/PERVER11.jpg","large-width":960,"large-height":920,"1536x1536":"https:\/\/fomentoculturalbanamex.org\/exposiciones\/wp-content\/uploads\/2025\/09\/PERVER11.jpg","1536x1536-width":960,"1536x1536-height":920,"2048x2048":"https:\/\/fomentoculturalbanamex.org\/exposiciones\/wp-content\/uploads\/2025\/09\/PERVER11.jpg","2048x2048-width":960,"2048x2048-height":920}},"obra_ficha":"Gicl\u00e9e<br \/>\r\n197 x 139 cm"},{"obra_titulo":"Sin t\u00edtulo (detalle), 2021","obra_descripcion":"","obra_imagen":{"ID":6245,"id":6245,"title":"PERVER7","filename":"PERVER7.jpg","filesize":668389,"url":"https:\/\/fomentoculturalbanamex.org\/exposiciones\/wp-content\/uploads\/2025\/09\/PERVER7.jpg","link":"https:\/\/fomentoculturalbanamex.org\/exposiciones\/exposiciones\/arnaldo-coen-per-versiones\/perver7\/","alt":"","author":"6","description":"","caption":"","name":"perver7","status":"inherit","uploaded_to":6235,"date":"2025-09-05 17:23:12","modified":"2025-09-05 17:23:12","menu_order":0,"mime_type":"image\/jpeg","type":"image","subtype":"jpeg","icon":"https:\/\/fomentoculturalbanamex.org\/exposiciones\/wp-includes\/images\/media\/default.png","width":960,"height":920,"sizes":{"thumbnail":"https:\/\/fomentoculturalbanamex.org\/exposiciones\/wp-content\/uploads\/2025\/09\/PERVER7-150x150.jpg","thumbnail-width":150,"thumbnail-height":150,"medium":"https:\/\/fomentoculturalbanamex.org\/exposiciones\/wp-content\/uploads\/2025\/09\/PERVER7-300x288.jpg","medium-width":300,"medium-height":288,"medium_large":"https:\/\/fomentoculturalbanamex.org\/exposiciones\/wp-content\/uploads\/2025\/09\/PERVER7-768x736.jpg","medium_large-width":768,"medium_large-height":736,"large":"https:\/\/fomentoculturalbanamex.org\/exposiciones\/wp-content\/uploads\/2025\/09\/PERVER7.jpg","large-width":960,"large-height":920,"1536x1536":"https:\/\/fomentoculturalbanamex.org\/exposiciones\/wp-content\/uploads\/2025\/09\/PERVER7.jpg","1536x1536-width":960,"1536x1536-height":920,"2048x2048":"https:\/\/fomentoculturalbanamex.org\/exposiciones\/wp-content\/uploads\/2025\/09\/PERVER7.jpg","2048x2048-width":960,"2048x2048-height":920}},"obra_ficha":"Mixta sobre papel<br \/>\r\n30 x 21 cm"},{"obra_titulo":"Sin t\u00edtulo (detalle), 1964","obra_descripcion":"","obra_imagen":{"ID":6250,"id":6250,"title":"PERVER12","filename":"PERVER12.jpg","filesize":1113578,"url":"https:\/\/fomentoculturalbanamex.org\/exposiciones\/wp-content\/uploads\/2025\/09\/PERVER12.jpg","link":"https:\/\/fomentoculturalbanamex.org\/exposiciones\/exposiciones\/arnaldo-coen-per-versiones\/perver12\/","alt":"","author":"6","description":"","caption":"","name":"perver12","status":"inherit","uploaded_to":6235,"date":"2025-09-05 17:23:22","modified":"2025-09-05 17:23:22","menu_order":0,"mime_type":"image\/jpeg","type":"image","subtype":"jpeg","icon":"https:\/\/fomentoculturalbanamex.org\/exposiciones\/wp-includes\/images\/media\/default.png","width":960,"height":920,"sizes":{"thumbnail":"https:\/\/fomentoculturalbanamex.org\/exposiciones\/wp-content\/uploads\/2025\/09\/PERVER12-150x150.jpg","thumbnail-width":150,"thumbnail-height":150,"medium":"https:\/\/fomentoculturalbanamex.org\/exposiciones\/wp-content\/uploads\/2025\/09\/PERVER12-300x288.jpg","medium-width":300,"medium-height":288,"medium_large":"https:\/\/fomentoculturalbanamex.org\/exposiciones\/wp-content\/uploads\/2025\/09\/PERVER12-768x736.jpg","medium_large-width":768,"medium_large-height":736,"large":"https:\/\/fomentoculturalbanamex.org\/exposiciones\/wp-content\/uploads\/2025\/09\/PERVER12.jpg","large-width":960,"large-height":920,"1536x1536":"https:\/\/fomentoculturalbanamex.org\/exposiciones\/wp-content\/uploads\/2025\/09\/PERVER12.jpg","1536x1536-width":960,"1536x1536-height":920,"2048x2048":"https:\/\/fomentoculturalbanamex.org\/exposiciones\/wp-content\/uploads\/2025\/09\/PERVER12.jpg","2048x2048-width":960,"2048x2048-height":920}},"obra_ficha":"\u00d3leo sobre tela<br \/>\r\n45 x 50.5 cm"},{"obra_titulo":"Espejo de lo invisible (detalle)","obra_descripcion":"","obra_imagen":{"ID":6251,"id":6251,"title":"PERVER13","filename":"PERVER13.jpg","filesize":977572,"url":"https:\/\/fomentoculturalbanamex.org\/exposiciones\/wp-content\/uploads\/2025\/09\/PERVER13.jpg","link":"https:\/\/fomentoculturalbanamex.org\/exposiciones\/exposiciones\/arnaldo-coen-per-versiones\/perver13\/","alt":"","author":"6","description":"","caption":"","name":"perver13","status":"inherit","uploaded_to":6235,"date":"2025-09-05 17:23:25","modified":"2025-09-05 17:23:25","menu_order":0,"mime_type":"image\/jpeg","type":"image","subtype":"jpeg","icon":"https:\/\/fomentoculturalbanamex.org\/exposiciones\/wp-includes\/images\/media\/default.png","width":960,"height":920,"sizes":{"thumbnail":"https:\/\/fomentoculturalbanamex.org\/exposiciones\/wp-content\/uploads\/2025\/09\/PERVER13-150x150.jpg","thumbnail-width":150,"thumbnail-height":150,"medium":"https:\/\/fomentoculturalbanamex.org\/exposiciones\/wp-content\/uploads\/2025\/09\/PERVER13-300x288.jpg","medium-width":300,"medium-height":288,"medium_large":"https:\/\/fomentoculturalbanamex.org\/exposiciones\/wp-content\/uploads\/2025\/09\/PERVER13-768x736.jpg","medium_large-width":768,"medium_large-height":736,"large":"https:\/\/fomentoculturalbanamex.org\/exposiciones\/wp-content\/uploads\/2025\/09\/PERVER13.jpg","large-width":960,"large-height":920,"1536x1536":"https:\/\/fomentoculturalbanamex.org\/exposiciones\/wp-content\/uploads\/2025\/09\/PERVER13.jpg","1536x1536-width":960,"1536x1536-height":920,"2048x2048":"https:\/\/fomentoculturalbanamex.org\/exposiciones\/wp-content\/uploads\/2025\/09\/PERVER13.jpg","2048x2048-width":960,"2048x2048-height":920}},"obra_ficha":"Gouache sobre papel<br \/>\r\n56 x 76 cm"},{"obra_titulo":"Relaci\u00f3n del lugar (detalle), 1965","obra_descripcion":"","obra_imagen":{"ID":6252,"id":6252,"title":"PERVER14","filename":"PERVER14.jpg","filesize":1270972,"url":"https:\/\/fomentoculturalbanamex.org\/exposiciones\/wp-content\/uploads\/2025\/09\/PERVER14.jpg","link":"https:\/\/fomentoculturalbanamex.org\/exposiciones\/exposiciones\/arnaldo-coen-per-versiones\/perver14\/","alt":"","author":"6","description":"","caption":"","name":"perver14","status":"inherit","uploaded_to":6235,"date":"2025-09-05 17:23:28","modified":"2025-09-05 17:23:28","menu_order":0,"mime_type":"image\/jpeg","type":"image","subtype":"jpeg","icon":"https:\/\/fomentoculturalbanamex.org\/exposiciones\/wp-includes\/images\/media\/default.png","width":960,"height":920,"sizes":{"thumbnail":"https:\/\/fomentoculturalbanamex.org\/exposiciones\/wp-content\/uploads\/2025\/09\/PERVER14-150x150.jpg","thumbnail-width":150,"thumbnail-height":150,"medium":"https:\/\/fomentoculturalbanamex.org\/exposiciones\/wp-content\/uploads\/2025\/09\/PERVER14-300x288.jpg","medium-width":300,"medium-height":288,"medium_large":"https:\/\/fomentoculturalbanamex.org\/exposiciones\/wp-content\/uploads\/2025\/09\/PERVER14-768x736.jpg","medium_large-width":768,"medium_large-height":736,"large":"https:\/\/fomentoculturalbanamex.org\/exposiciones\/wp-content\/uploads\/2025\/09\/PERVER14.jpg","large-width":960,"large-height":920,"1536x1536":"https:\/\/fomentoculturalbanamex.org\/exposiciones\/wp-content\/uploads\/2025\/09\/PERVER14.jpg","1536x1536-width":960,"1536x1536-height":920,"2048x2048":"https:\/\/fomentoculturalbanamex.org\/exposiciones\/wp-content\/uploads\/2025\/09\/PERVER14.jpg","2048x2048-width":960,"2048x2048-height":920}},"obra_ficha":"Acr\u00edlico sobre tela<br \/>\r\n79 x 128 cm"},{"obra_titulo":"Sin t\u00edtulo (detalle), 1976","obra_descripcion":"","obra_imagen":{"ID":6253,"id":6253,"title":"PERVER15","filename":"PERVER15.jpg","filesize":868291,"url":"https:\/\/fomentoculturalbanamex.org\/exposiciones\/wp-content\/uploads\/2025\/09\/PERVER15.jpg","link":"https:\/\/fomentoculturalbanamex.org\/exposiciones\/exposiciones\/arnaldo-coen-per-versiones\/perver15\/","alt":"","author":"6","description":"","caption":"","name":"perver15","status":"inherit","uploaded_to":6235,"date":"2025-09-05 17:23:31","modified":"2025-09-05 17:23:31","menu_order":0,"mime_type":"image\/jpeg","type":"image","subtype":"jpeg","icon":"https:\/\/fomentoculturalbanamex.org\/exposiciones\/wp-includes\/images\/media\/default.png","width":960,"height":920,"sizes":{"thumbnail":"https:\/\/fomentoculturalbanamex.org\/exposiciones\/wp-content\/uploads\/2025\/09\/PERVER15-150x150.jpg","thumbnail-width":150,"thumbnail-height":150,"medium":"https:\/\/fomentoculturalbanamex.org\/exposiciones\/wp-content\/uploads\/2025\/09\/PERVER15-300x288.jpg","medium-width":300,"medium-height":288,"medium_large":"https:\/\/fomentoculturalbanamex.org\/exposiciones\/wp-content\/uploads\/2025\/09\/PERVER15-768x736.jpg","medium_large-width":768,"medium_large-height":736,"large":"https:\/\/fomentoculturalbanamex.org\/exposiciones\/wp-content\/uploads\/2025\/09\/PERVER15.jpg","large-width":960,"large-height":920,"1536x1536":"https:\/\/fomentoculturalbanamex.org\/exposiciones\/wp-content\/uploads\/2025\/09\/PERVER15.jpg","1536x1536-width":960,"1536x1536-height":920,"2048x2048":"https:\/\/fomentoculturalbanamex.org\/exposiciones\/wp-content\/uploads\/2025\/09\/PERVER15.jpg","2048x2048-width":960,"2048x2048-height":920}},"obra_ficha":"Mixta sobre papel<br \/>\r\n25 x 25 cm"},{"obra_titulo":"Latir del tiempo (detalle), 2024","obra_descripcion":"","obra_imagen":{"ID":6254,"id":6254,"title":"PERVER16","filename":"PERVER16.jpg","filesize":953316,"url":"https:\/\/fomentoculturalbanamex.org\/exposiciones\/wp-content\/uploads\/2025\/09\/PERVER16.jpg","link":"https:\/\/fomentoculturalbanamex.org\/exposiciones\/exposiciones\/arnaldo-coen-per-versiones\/perver16\/","alt":"","author":"6","description":"","caption":"","name":"perver16","status":"inherit","uploaded_to":6235,"date":"2025-09-05 17:23:33","modified":"2025-09-05 17:23:33","menu_order":0,"mime_type":"image\/jpeg","type":"image","subtype":"jpeg","icon":"https:\/\/fomentoculturalbanamex.org\/exposiciones\/wp-includes\/images\/media\/default.png","width":960,"height":920,"sizes":{"thumbnail":"https:\/\/fomentoculturalbanamex.org\/exposiciones\/wp-content\/uploads\/2025\/09\/PERVER16-150x150.jpg","thumbnail-width":150,"thumbnail-height":150,"medium":"https:\/\/fomentoculturalbanamex.org\/exposiciones\/wp-content\/uploads\/2025\/09\/PERVER16-300x288.jpg","medium-width":300,"medium-height":288,"medium_large":"https:\/\/fomentoculturalbanamex.org\/exposiciones\/wp-content\/uploads\/2025\/09\/PERVER16-768x736.jpg","medium_large-width":768,"medium_large-height":736,"large":"https:\/\/fomentoculturalbanamex.org\/exposiciones\/wp-content\/uploads\/2025\/09\/PERVER16.jpg","large-width":960,"large-height":920,"1536x1536":"https:\/\/fomentoculturalbanamex.org\/exposiciones\/wp-content\/uploads\/2025\/09\/PERVER16.jpg","1536x1536-width":960,"1536x1536-height":920,"2048x2048":"https:\/\/fomentoculturalbanamex.org\/exposiciones\/wp-content\/uploads\/2025\/09\/PERVER16.jpg","2048x2048-width":960,"2048x2048-height":920}},"obra_ficha":"\u00d3leo sobre tela<br \/>\r\n200 x 100 cm"},{"obra_titulo":"Que abre otro misterio","obra_descripcion":"","obra_imagen":{"ID":6255,"id":6255,"title":"PERVER17","filename":"PERVER17.jpg","filesize":306189,"url":"https:\/\/fomentoculturalbanamex.org\/exposiciones\/wp-content\/uploads\/2025\/09\/PERVER17.jpg","link":"https:\/\/fomentoculturalbanamex.org\/exposiciones\/exposiciones\/arnaldo-coen-per-versiones\/perver17\/","alt":"","author":"6","description":"","caption":"","name":"perver17","status":"inherit","uploaded_to":6235,"date":"2025-09-05 17:23:35","modified":"2025-09-05 17:23:35","menu_order":0,"mime_type":"image\/jpeg","type":"image","subtype":"jpeg","icon":"https:\/\/fomentoculturalbanamex.org\/exposiciones\/wp-includes\/images\/media\/default.png","width":960,"height":920,"sizes":{"thumbnail":"https:\/\/fomentoculturalbanamex.org\/exposiciones\/wp-content\/uploads\/2025\/09\/PERVER17-150x150.jpg","thumbnail-width":150,"thumbnail-height":150,"medium":"https:\/\/fomentoculturalbanamex.org\/exposiciones\/wp-content\/uploads\/2025\/09\/PERVER17-300x288.jpg","medium-width":300,"medium-height":288,"medium_large":"https:\/\/fomentoculturalbanamex.org\/exposiciones\/wp-content\/uploads\/2025\/09\/PERVER17-768x736.jpg","medium_large-width":768,"medium_large-height":736,"large":"https:\/\/fomentoculturalbanamex.org\/exposiciones\/wp-content\/uploads\/2025\/09\/PERVER17.jpg","large-width":960,"large-height":920,"1536x1536":"https:\/\/fomentoculturalbanamex.org\/exposiciones\/wp-content\/uploads\/2025\/09\/PERVER17.jpg","1536x1536-width":960,"1536x1536-height":920,"2048x2048":"https:\/\/fomentoculturalbanamex.org\/exposiciones\/wp-content\/uploads\/2025\/09\/PERVER17.jpg","2048x2048-width":960,"2048x2048-height":920}},"obra_ficha":"T\u00e9cnica mixta sobre fibra de vidrio<br \/>\r\n300 x 100 cm"},{"obra_titulo":"Inasible quietud en movimiento (detalle), 1985","obra_descripcion":"","obra_imagen":{"ID":6256,"id":6256,"title":"PERVER18","filename":"PERVER18.jpg","filesize":615934,"url":"https:\/\/fomentoculturalbanamex.org\/exposiciones\/wp-content\/uploads\/2025\/09\/PERVER18.jpg","link":"https:\/\/fomentoculturalbanamex.org\/exposiciones\/exposiciones\/arnaldo-coen-per-versiones\/perver18\/","alt":"","author":"6","description":"","caption":"","name":"perver18","status":"inherit","uploaded_to":6235,"date":"2025-09-05 17:23:37","modified":"2025-09-05 17:23:37","menu_order":0,"mime_type":"image\/jpeg","type":"image","subtype":"jpeg","icon":"https:\/\/fomentoculturalbanamex.org\/exposiciones\/wp-includes\/images\/media\/default.png","width":960,"height":920,"sizes":{"thumbnail":"https:\/\/fomentoculturalbanamex.org\/exposiciones\/wp-content\/uploads\/2025\/09\/PERVER18-150x150.jpg","thumbnail-width":150,"thumbnail-height":150,"medium":"https:\/\/fomentoculturalbanamex.org\/exposiciones\/wp-content\/uploads\/2025\/09\/PERVER18-300x288.jpg","medium-width":300,"medium-height":288,"medium_large":"https:\/\/fomentoculturalbanamex.org\/exposiciones\/wp-content\/uploads\/2025\/09\/PERVER18-768x736.jpg","medium_large-width":768,"medium_large-height":736,"large":"https:\/\/fomentoculturalbanamex.org\/exposiciones\/wp-content\/uploads\/2025\/09\/PERVER18.jpg","large-width":960,"large-height":920,"1536x1536":"https:\/\/fomentoculturalbanamex.org\/exposiciones\/wp-content\/uploads\/2025\/09\/PERVER18.jpg","1536x1536-width":960,"1536x1536-height":920,"2048x2048":"https:\/\/fomentoculturalbanamex.org\/exposiciones\/wp-content\/uploads\/2025\/09\/PERVER18.jpg","2048x2048-width":960,"2048x2048-height":920}},"obra_ficha":"\u00d3leo sobre tela<br \/>\r\n106 x 106 cm"},{"obra_titulo":"Grabado de liberaci\u00f3n, 2022","obra_descripcion":"","obra_imagen":{"ID":6257,"id":6257,"title":"PERVER19","filename":"PERVER19.jpg","filesize":1084710,"url":"https:\/\/fomentoculturalbanamex.org\/exposiciones\/wp-content\/uploads\/2025\/09\/PERVER19.jpg","link":"https:\/\/fomentoculturalbanamex.org\/exposiciones\/exposiciones\/arnaldo-coen-per-versiones\/perver19\/","alt":"","author":"6","description":"","caption":"","name":"perver19","status":"inherit","uploaded_to":6235,"date":"2025-09-05 17:23:39","modified":"2025-09-05 17:23:39","menu_order":0,"mime_type":"image\/jpeg","type":"image","subtype":"jpeg","icon":"https:\/\/fomentoculturalbanamex.org\/exposiciones\/wp-includes\/images\/media\/default.png","width":960,"height":920,"sizes":{"thumbnail":"https:\/\/fomentoculturalbanamex.org\/exposiciones\/wp-content\/uploads\/2025\/09\/PERVER19-150x150.jpg","thumbnail-width":150,"thumbnail-height":150,"medium":"https:\/\/fomentoculturalbanamex.org\/exposiciones\/wp-content\/uploads\/2025\/09\/PERVER19-300x288.jpg","medium-width":300,"medium-height":288,"medium_large":"https:\/\/fomentoculturalbanamex.org\/exposiciones\/wp-content\/uploads\/2025\/09\/PERVER19-768x736.jpg","medium_large-width":768,"medium_large-height":736,"large":"https:\/\/fomentoculturalbanamex.org\/exposiciones\/wp-content\/uploads\/2025\/09\/PERVER19.jpg","large-width":960,"large-height":920,"1536x1536":"https:\/\/fomentoculturalbanamex.org\/exposiciones\/wp-content\/uploads\/2025\/09\/PERVER19.jpg","1536x1536-width":960,"1536x1536-height":920,"2048x2048":"https:\/\/fomentoculturalbanamex.org\/exposiciones\/wp-content\/uploads\/2025\/09\/PERVER19.jpg","2048x2048-width":960,"2048x2048-height":920}},"obra_ficha":"T\u00e9cnica mixta sobre papel<br \/>\r\n20.5 x 20.5 cm"},{"obra_titulo":"Congruencia milenaria, 2022","obra_descripcion":"","obra_imagen":{"ID":6258,"id":6258,"title":"PERVER20","filename":"PERVER20.jpg","filesize":1209883,"url":"https:\/\/fomentoculturalbanamex.org\/exposiciones\/wp-content\/uploads\/2025\/09\/PERVER20.jpg","link":"https:\/\/fomentoculturalbanamex.org\/exposiciones\/exposiciones\/arnaldo-coen-per-versiones\/perver20\/","alt":"","author":"6","description":"","caption":"","name":"perver20","status":"inherit","uploaded_to":6235,"date":"2025-09-05 17:23:42","modified":"2025-09-05 17:23:42","menu_order":0,"mime_type":"image\/jpeg","type":"image","subtype":"jpeg","icon":"https:\/\/fomentoculturalbanamex.org\/exposiciones\/wp-includes\/images\/media\/default.png","width":960,"height":920,"sizes":{"thumbnail":"https:\/\/fomentoculturalbanamex.org\/exposiciones\/wp-content\/uploads\/2025\/09\/PERVER20-150x150.jpg","thumbnail-width":150,"thumbnail-height":150,"medium":"https:\/\/fomentoculturalbanamex.org\/exposiciones\/wp-content\/uploads\/2025\/09\/PERVER20-300x288.jpg","medium-width":300,"medium-height":288,"medium_large":"https:\/\/fomentoculturalbanamex.org\/exposiciones\/wp-content\/uploads\/2025\/09\/PERVER20-768x736.jpg","medium_large-width":768,"medium_large-height":736,"large":"https:\/\/fomentoculturalbanamex.org\/exposiciones\/wp-content\/uploads\/2025\/09\/PERVER20.jpg","large-width":960,"large-height":920,"1536x1536":"https:\/\/fomentoculturalbanamex.org\/exposiciones\/wp-content\/uploads\/2025\/09\/PERVER20.jpg","1536x1536-width":960,"1536x1536-height":920,"2048x2048":"https:\/\/fomentoculturalbanamex.org\/exposiciones\/wp-content\/uploads\/2025\/09\/PERVER20.jpg","2048x2048-width":960,"2048x2048-height":920}},"obra_ficha":"T\u00e9cnica mixta sobre papel<br \/>\r\n20.5 x 20.5 cm"},{"obra_titulo":"Nada parece, 2022","obra_descripcion":"","obra_imagen":{"ID":6259,"id":6259,"title":"PERVER21","filename":"PERVER21.jpg","filesize":1211448,"url":"https:\/\/fomentoculturalbanamex.org\/exposiciones\/wp-content\/uploads\/2025\/09\/PERVER21.jpg","link":"https:\/\/fomentoculturalbanamex.org\/exposiciones\/exposiciones\/arnaldo-coen-per-versiones\/perver21\/","alt":"","author":"6","description":"","caption":"","name":"perver21","status":"inherit","uploaded_to":6235,"date":"2025-09-05 17:23:45","modified":"2025-09-05 17:23:45","menu_order":0,"mime_type":"image\/jpeg","type":"image","subtype":"jpeg","icon":"https:\/\/fomentoculturalbanamex.org\/exposiciones\/wp-includes\/images\/media\/default.png","width":960,"height":920,"sizes":{"thumbnail":"https:\/\/fomentoculturalbanamex.org\/exposiciones\/wp-content\/uploads\/2025\/09\/PERVER21-150x150.jpg","thumbnail-width":150,"thumbnail-height":150,"medium":"https:\/\/fomentoculturalbanamex.org\/exposiciones\/wp-content\/uploads\/2025\/09\/PERVER21-300x288.jpg","medium-width":300,"medium-height":288,"medium_large":"https:\/\/fomentoculturalbanamex.org\/exposiciones\/wp-content\/uploads\/2025\/09\/PERVER21-768x736.jpg","medium_large-width":768,"medium_large-height":736,"large":"https:\/\/fomentoculturalbanamex.org\/exposiciones\/wp-content\/uploads\/2025\/09\/PERVER21.jpg","large-width":960,"large-height":920,"1536x1536":"https:\/\/fomentoculturalbanamex.org\/exposiciones\/wp-content\/uploads\/2025\/09\/PERVER21.jpg","1536x1536-width":960,"1536x1536-height":920,"2048x2048":"https:\/\/fomentoculturalbanamex.org\/exposiciones\/wp-content\/uploads\/2025\/09\/PERVER21.jpg","2048x2048-width":960,"2048x2048-height":920}},"obra_ficha":"T\u00e9cnica mixta sobre papel<br \/>\r\n20.5 x 20.5 cm"}],"videos":false,"prensa":false,"creditos_izquierdo":"<p><span style=\"color: #cbcbcb;\"><span style=\"color: #ec152c;\"><b><strong><span style=\"color: #ff1b44;\">Coordinaci\u00f3n general<br \/>\n<\/span><\/strong><\/b><\/span><\/span>Ignacio Monterrubio Salazar<br \/>\nGuillermina Garc\u00eda Herrera<\/p>\n<p><span style=\"color: #cbcbcb;\"><span style=\"color: #ff1b44;\"><b>Curadur\u00eda<br \/>\n<\/b><\/span><\/span>Arnaldo Coen<br \/>\nLourdes Sosa<\/p>\n","creditos_central":"<p><span style=\"color: #cbcbcb;\"><span style=\"color: #ec152c;\"><b><strong><span style=\"color: #ff1b44;\">Coordinaci\u00f3n de la exposici\u00f3n<br \/>\n<\/span><\/strong><\/b><\/span><\/span>Lourdes Sosa Morales<br \/>\nCarolina Berm\u00fadez Uriza<br \/>\nMar\u00eda Fernanda Rangel Chavira<\/p>\n<p><span style=\"color: #cbcbcb;\"><span style=\"color: #ff1b44;\"><b>Montaje de la exposici\u00f3n<br \/>\n<\/b><\/span><\/span>Enrique Bautista Apolinar<br \/>\nFrancisco Mex Arcila<br \/>\nJuan Manuel Galv\u00e1n Mel\u00e9ndez<\/p>\n<p>&nbsp;<\/p>\n<p>&nbsp;<\/p>\n","creditos_derecho":"<p><span style=\"color: #cbcbcb;\"><span style=\"color: #ec152c;\"><b><strong><span style=\"color: #ff1b44;\">Coordinaci\u00f3n de servicios educativos<br \/>\n<\/span><\/strong><\/b><\/span><\/span>H\u00e9ctor Mauricio Sans\u00f3n Lozano<br \/>\nIris Fabiola Medina Lomel\u00ed<\/p>\n<p><span style=\"color: #cbcbcb;\"><span style=\"color: #ff1b44;\"><b>Desarrollo acad\u00e9mico y difusi\u00f3n<br \/>\n<\/b><\/span><\/span>Juan Carlos Almaguer Mel\u00e9ndez<br \/>\nYadira V\u00e1zquez Jim\u00e9nez<\/p>\n<p>&nbsp;<\/p>\n"},"_links":{"self":[{"href":"https:\/\/fomentoculturalbanamex.org\/exposiciones\/wp-json\/wp\/v2\/exposiciones\/6235"}],"collection":[{"href":"https:\/\/fomentoculturalbanamex.org\/exposiciones\/wp-json\/wp\/v2\/exposiciones"}],"about":[{"href":"https:\/\/fomentoculturalbanamex.org\/exposiciones\/wp-json\/wp\/v2\/types\/exposiciones"}],"wp:attachment":[{"href":"https:\/\/fomentoculturalbanamex.org\/exposiciones\/wp-json\/wp\/v2\/media?parent=6235"}],"wp:term":[{"taxonomy":"category","embeddable":true,"href":"https:\/\/fomentoculturalbanamex.org\/exposiciones\/wp-json\/wp\/v2\/categories?post=6235"},{"taxonomy":"post_tag","embeddable":true,"href":"https:\/\/fomentoculturalbanamex.org\/exposiciones\/wp-json\/wp\/v2\/tags?post=6235"}],"curies":[{"name":"wp","href":"https:\/\/api.w.org\/{rel}","templated":true}]}}